{"id":636,"date":"2011-03-17T14:33:20","date_gmt":"2011-03-17T16:33:20","guid":{"rendered":"http:\/\/bibliobelas.wordpress.com\/?page_id=636"},"modified":"2026-01-06T14:02:52","modified_gmt":"2026-01-06T17:02:52","slug":"cinema-de-animacao-e-artes-digitais","status":"publish","type":"page","link":"https:\/\/bibliobelas.eba.ufmg.br\/index.php\/conteudos-digitais-de-artes\/links-interessantes\/cinema-de-animacao-e-artes-digitais\/","title":{"rendered":"Cinema de Anima\u00e7\u00e3o e Artes Digitais"},"content":{"rendered":"<ul>\n<li style=\"text-align: justify;\"><a href=\"http:\/\/www.animamundi.com.br\/\" target=\"_blank\" rel=\"noopener\">Anima Mundi<\/a> :\u00a0 Festival Internacional de Anima\u00e7\u00e3o do Brasil<\/li>\n<li style=\"text-align: justify;\"><a style=\"line-height: 1.7;\" href=\"http:\/\/oglobo.globo.com\/blogs\/animacao\/\" target=\"_blank\" rel=\"noopener\">Anima\u00e7\u00e3o S.A.<\/a><\/li>\n<li style=\"text-align: justify;\"><a href=\"http:\/\/www.animandoemportugues.blogspot.com\/\" target=\"_blank\" rel=\"noopener\">Animando em portugu\u00eas<\/a><\/li>\n<li style=\"text-align: justify;\"><a href=\"http:\/\/www.onfire.com.br\/blog\/\" target=\"_blank\" rel=\"noopener\">On fire<\/a><\/li>\n<li style=\"text-align: justify;\"><a href=\"http:\/\/hand-drawn-animation.blogspot.com\/\" target=\"_blank\" rel=\"noopener\">Academy of Art Animation Notes<\/a><\/li>\n<li style=\"text-align: justify;\"><a href=\"http:\/\/culturadigital.br\/\" target=\"_blank\" rel=\"noopener\">Cultura Digital<\/a><\/li>\n<li style=\"text-align: justify;\"><a href=\"http:\/\/www.contracampo.com.br\/index.htm#\" target=\"_blank\" rel=\"noopener\">Contracampo <\/a>: Revista de Cinema<\/li>\n<li style=\"text-align: justify;\"><a href=\"http:\/\/www.doc.ubi.pt\/\" target=\"_blank\" rel=\"noopener\">Doc \u00a0Online<\/a> : revista digital de cinema document\u00e1rio<\/li>\n<\/ul>\n<h3 style=\"text-align: justify;\">Ilustra\u00e7\u00e3o<\/h3>\n<ul style=\"text-align: justify;\">\n<li><a href=\"http:\/\/www.imaginismstudios.com\/\" target=\"_blank\" rel=\"noopener\">Imaginisms Studio<\/a><\/li>\n<li><a href=\"http:\/\/imaginaryfs.sg\/\" target=\"_blank\" rel=\"noopener\">Imaginary Friends Studio<\/a><\/li>\n<li><a href=\"http:\/\/www.hocus.com.br\" target=\"_blank\" rel=\"noopener\">HP Quadrinhos<\/a><\/li>\n<li><a href=\"http:\/\/www.impulsohq.com.br\" target=\"_blank\" rel=\"noopener\">Impulso HQ<\/a><\/li>\n<\/ul>\n<h3 style=\"text-align: justify;\"><strong>Design<\/strong><\/h3>\n<ul style=\"text-align: justify;\">\n<li><a href=\"http:\/\/theconceptartblog.com\/\" target=\"_blank\" rel=\"noopener\">The Concept Art Blog<\/a> (em portugu\u00eas) : Primeiro blog brasileiro dedicado exclusivamente a Concept Art e Concept Design para Games e Fimes<\/li>\n<li><a href=\"http:\/\/www.uva.br\/producaodigital\/blog\/\" target=\"_blank\" rel=\"noopener\">Blog de Design Gr\u00e1fico da UVA<\/a>, Universidade Veiga de Almeida<\/li>\n<li><a href=\"http:\/\/www.designbrasil.org.br\/\" target=\"_blank\" rel=\"noopener\">Design Brasil<\/a>. Iniciativa do Minist\u00e9rio do Desenvolvimento, Ind\u00fastria e Com\u00e9rcio Exterior (MDIC) \u2013 atrav\u00e9s do Programa Brasileiro de Design (PBD), em conjunto com o SENAI e o SEBRAE, cujo objetivo \u00e9 promover a integra\u00e7\u00e3o, a converg\u00eancia e a coopera\u00e7\u00e3o entre as diversas a\u00e7\u00f5es na \u00e1rea do design em todo o pa\u00eds.<\/li>\n<li><a href=\"http:\/\/www.arteccom.com.br\/webparadesigners\/\" target=\"_blank\" rel=\"noopener\">Web para Designers<\/a><\/li>\n<li><a href=\"http:\/\/www.designbr.ning.com\" target=\"_blank\" rel=\"noopener\">DesignBR<\/a><\/li>\n<li><a href=\"http:\/\/www.rdesignvitoria.blogspot.com\" target=\"_blank\" rel=\"noopener\">RDesign Vit\u00f3ria 2011<\/a><\/li>\n<li><a href=\"http:\/\/agenciaalbum.com\/blog\" target=\"_blank\" rel=\"noopener\">Colet\u00e2nea de Ideias<\/a><\/li>\n<li><a href=\"http:\/\/www.morandini.com.br\" target=\"_blank\" rel=\"noopener\">Morandini<\/a><\/li>\n<li><a href=\"http:\/\/www.designzando.blogspot.com\" target=\"_blank\" rel=\"noopener\">DesignZando<\/a><\/li>\n<li><a href=\"http:\/\/www.designemartigos.com.br\/\" target=\"_blank\" rel=\"noopener\">Design em Artigos<\/a><\/li>\n<li><a href=\"http:\/\/www.designsimples.com.br\" target=\"_blank\" rel=\"noopener\">Design Simples<\/a><\/li>\n<li><a href=\"http:\/\/www.designflakes.com.br\" target=\"_blank\" rel=\"noopener\">DesignFlakes<\/a><\/li>\n<li><a href=\"http:\/\/www.caligraffiti.com.br\" target=\"_blank\" rel=\"noopener\">Caligraffiti<\/a><\/li>\n<li><a href=\"http:\/\/www.botecodesign.org\" target=\"_blank\" rel=\"noopener\">Boteco Design<\/a><\/li>\n<li><a href=\"http:\/\/www.designontherocks.com.br\" target=\"_blank\" rel=\"noopener\">DESIGN on the ROCKS<\/a><\/li>\n<li><a href=\"http:\/\/www.tododesigner.vai.la\" target=\"_blank\" rel=\"noopener\">DESIGN-SE<\/a><\/li>\n<li><a href=\"http:\/\/wefollow.com\/DesignObserver\" target=\"_blank\" rel=\"noopener\">Design Observer<\/a><\/li>\n<li><a href=\"http:\/\/agenciaalbum.com\/blog\" target=\"_blank\" rel=\"noopener\">Colet\u00e2nea de Ideias<\/a><\/li>\n<\/ul>\n<h3 style=\"text-align: justify;\">Revistas\/Publica\u00e7\u00f5es<\/h3>\n<ul>\n<li style=\"text-align: justify;\"><a href=\"http:\/\/revistadigitalart.blogspot.com\" target=\"_blank\" rel=\"noopener\">Revista Digital Art&amp;<\/a>.\u00a0 Revista Acad\u00eamica, tem\u00e1tica, de Divulga\u00e7\u00e3o e Promo\u00e7\u00e3o de Arte-Educa\u00e7\u00e3o, Cultura, Forma\u00e7\u00e3o, Comunica\u00e7\u00e3o e Produ\u00e7\u00e3o.<\/li>\n<li style=\"text-align: justify;\"><a href=\"http:\/\/www.professionalpublish.com.br\/\" target=\"_blank\" rel=\"noopener\">Revista Publish<\/a> (portugu\u00eas)<\/li>\n<li style=\"text-align: justify;\"><a href=\"http:\/\/www.id-mag.com\/GeneralMenu\/\" target=\"_blank\" rel=\"noopener\"> ID Mag<\/a> (ingl\u00eas)<\/li>\n<li style=\"text-align: justify;\"><a href=\"http:\/\/www.commarts.com\/\" target=\"_blank\" rel=\"noopener\"> Communication Arts<\/a> (ingles)<\/li>\n<li style=\"text-align: justify;\"><a href=\"http:\/\/www.graphis.com\/\" target=\"_blank\" rel=\"noopener\"> Grpahis: The Best Of International Visual Communications<\/a> (ingles)<\/li>\n<li style=\"text-align: justify;\"><a href=\"http:\/\/www.arcoweb.com.br\/\" target=\"_blank\" rel=\"noopener\">Arco Web<\/a> :\u00a0 revista bimestral de design, interiores, arquitetura e cultura. (portugu\u00eas)<\/li>\n<li style=\"text-align: justify;\"><a href=\"http:\/\/abcdesign.com.br\/\" target=\"_blank\" rel=\"noopener\">Revista ABCDesign<\/a><\/li>\n<li><a href=\"https:\/\/drive.google.com\/drive\/folders\/16UJw_7vyEvyR88ytdd3cPh6Q6O2OVgvk\">Revista SET<\/a> (cole\u00e7\u00e3o completa)<\/li>\n<\/ul>\n","protected":false},"excerpt":{"rendered":"<p>Anima Mundi :\u00a0 Festival Internacional de Anima\u00e7\u00e3o do Brasil Anima\u00e7\u00e3o S.A. Animando em portugu\u00eas On fire Academy of Art Animation Notes Cultura Digital Contracampo : Revista de Cinema Doc \u00a0Online : revista digital de cinema document\u00e1rio Ilustra\u00e7\u00e3o Imaginisms Studio Imaginary Friends Studio HP Quadrinhos Impulso HQ Design The Concept Art Blog (em portugu\u00eas) : Primeiro &hellip; <a href=\"https:\/\/bibliobelas.eba.ufmg.br\/index.php\/conteudos-digitais-de-artes\/links-interessantes\/cinema-de-animacao-e-artes-digitais\/\" class=\"more-link\">Continue lendo <span class=\"screen-reader-text\">Cinema de Anima\u00e7\u00e3o e Artes Digitais<\/span> <span class=\"meta-nav\">&rarr;<\/span><\/a><\/p>\n","protected":false},"author":1,"featured_media":0,"parent":37,"menu_order":1,"comment_status":"open","ping_status":"open","template":"","meta":{"footnotes":""},"class_list":["post-636","page","type-page","status-publish","hentry"],"_links":{"self":[{"href":"https:\/\/bibliobelas.eba.ufmg.br\/index.php\/wp-json\/wp\/v2\/pages\/636","targetHints":{"allow":["GET"]}}],"collection":[{"href":"https:\/\/bibliobelas.eba.ufmg.br\/index.php\/wp-json\/wp\/v2\/pages"}],"about":[{"href":"https:\/\/bibliobelas.eba.ufmg.br\/index.php\/wp-json\/wp\/v2\/types\/page"}],"author":[{"embeddable":true,"href":"https:\/\/bibliobelas.eba.ufmg.br\/index.php\/wp-json\/wp\/v2\/users\/1"}],"replies":[{"embeddable":true,"href":"https:\/\/bibliobelas.eba.ufmg.br\/index.php\/wp-json\/wp\/v2\/comments?post=636"}],"version-history":[{"count":1,"href":"https:\/\/bibliobelas.eba.ufmg.br\/index.php\/wp-json\/wp\/v2\/pages\/636\/revisions"}],"predecessor-version":[{"id":8704,"href":"https:\/\/bibliobelas.eba.ufmg.br\/index.php\/wp-json\/wp\/v2\/pages\/636\/revisions\/8704"}],"up":[{"embeddable":true,"href":"https:\/\/bibliobelas.eba.ufmg.br\/index.php\/wp-json\/wp\/v2\/pages\/37"}],"wp:attachment":[{"href":"https:\/\/bibliobelas.eba.ufmg.br\/index.php\/wp-json\/wp\/v2\/media?parent=636"}],"curies":[{"name":"wp","href":"https:\/\/api.w.org\/{rel}","templated":true}]}}